{"id":2078,"date":"2021-09-20T13:45:45","date_gmt":"2021-09-20T11:45:45","guid":{"rendered":"http:\/\/buechermesse.ch\/?page_id=2078"},"modified":"2021-09-20T13:46:19","modified_gmt":"2021-09-20T11:46:19","slug":"vortraege-diskussionen","status":"publish","type":"page","link":"https:\/\/buechermesse.ch\/?page_id=2078&lang=de","title":{"rendered":"Vortr\u00e4ge &#038; Diskussionen SO"},"content":{"rendered":"\n<h3 class=\"wp-block-heading\">11 bis 13 Uhr<\/h3>\n\n\n\n<p>Corona-Solifon<\/p>\n\n\n\n<p>Aus dem\nNichts entstand Ende M\u00e4rz 2020 eine Hilfshotline f\u00fcr Arbeiter*innen. Die\nHotline ber\u00e4t zu arbeits- und sozialrechtlichen Fragen und funktioniert\nzuverl\u00e4ssig \u00fcber Freiwilligenarbeit. Aktive aus einem Jahr Solifon stellen das\nProjekt vor und geben eine etwas andere Perspektive auf Corona und dessen\nAuswirkungen. <\/p>\n\n\n\n<h3 class=\"wp-block-heading\"><strong>13 bis 15 Uhr<\/strong><\/h3>\n\n\n\n<p>Das\nGesundheitspersonal im Arbeitskampf<\/p>\n\n\n\n<p>Nicht erst\nseit der Coronapandemie steht das Gesundheitspersonal in der Schweiz unter\ngrossem Druck und der Arbeitskampf schwelt schon seit einer Weile. Nun werden\nimmer mehr Arbeitende aktiv und organisieren sich. <\/p>\n\n\n\n<p>Ein Input\nvon zwei Mitgliedern des Branchensyndikats Pflege der FAU Schweiz gefolgt von\neiner Diskussion zur Beteiligung am Arbeitskampf und zur Solidarit\u00e4t mit dem Gesundheitspersonal.\n<\/p>\n","protected":false},"excerpt":{"rendered":"<p>11 bis 13 Uhr Corona-Solifon Aus dem Nichts entstand Ende M\u00e4rz 2020 eine Hilfshotline f\u00fcr Arbeiter*innen. Die Hotline ber\u00e4t zu arbeits- und sozialrechtlichen Fragen und funktioniert zuverl\u00e4ssig \u00fcber Freiwilligenarbeit. Aktive aus einem Jahr Solifon stellen das Projekt vor und geben eine etwas andere Perspektive auf Corona und dessen Auswirkungen. 13 bis 15 Uhr Das Gesundheitspersonal &hellip; <a href=\"https:\/\/buechermesse.ch\/?page_id=2078&#038;lang=de\" class=\"more-link\"><span class=\"screen-reader-text\">Vortr\u00e4ge &#038; Diskussionen SO<\/span> weiterlesen <span class=\"meta-nav\">&rarr;<\/span><\/a><\/p>\n","protected":false},"author":1,"featured_media":0,"parent":0,"menu_order":0,"comment_status":"closed","ping_status":"closed","template":"","meta":{"footnotes":""},"class_list":["post-2078","page","type-page","status-publish","hentry"],"_links":{"self":[{"href":"https:\/\/buechermesse.ch\/index.php?rest_route=\/wp\/v2\/pages\/2078","targetHints":{"allow":["GET"]}}],"collection":[{"href":"https:\/\/buechermesse.ch\/index.php?rest_route=\/wp\/v2\/pages"}],"about":[{"href":"https:\/\/buechermesse.ch\/index.php?rest_route=\/wp\/v2\/types\/page"}],"author":[{"embeddable":true,"href":"https:\/\/buechermesse.ch\/index.php?rest_route=\/wp\/v2\/users\/1"}],"replies":[{"embeddable":true,"href":"https:\/\/buechermesse.ch\/index.php?rest_route=%2Fwp%2Fv2%2Fcomments&post=2078"}],"version-history":[{"count":2,"href":"https:\/\/buechermesse.ch\/index.php?rest_route=\/wp\/v2\/pages\/2078\/revisions"}],"predecessor-version":[{"id":2080,"href":"https:\/\/buechermesse.ch\/index.php?rest_route=\/wp\/v2\/pages\/2078\/revisions\/2080"}],"wp:attachment":[{"href":"https:\/\/buechermesse.ch\/index.php?rest_route=%2Fwp%2Fv2%2Fmedia&parent=2078"}],"curies":[{"name":"wp","href":"https:\/\/api.w.org\/{rel}","templated":true}]}}